{"id":53,"date":"2024-02-08T10:49:56","date_gmt":"2024-02-08T09:49:56","guid":{"rendered":"https:\/\/sites.lesia.obspm.fr\/pelt\/?page_id=53"},"modified":"2024-02-09T18:41:04","modified_gmt":"2024-02-09T17:41:04","slug":"53-2","status":"publish","type":"page","link":"https:\/\/sites.lesia.obspm.fr\/pelt\/","title":{"rendered":""},"content":{"rendered":"\n<h1 class=\"wp-block-heading\">Contexte<\/h1>\n\n\n\n<p>Par leur pouvoir collecteur et leur r\u00e9solution angulaire accessible gr\u00e2ce \u00e0 l\u2019optique adaptative, les extr\u00eamement grands t\u00e9lescopes (classe de 20 \u00e0 40m) vont r\u00e9volutionner l\u2019astronomie visible et infrarouge \u00e0 partir de la fin des ann\u00e9es 2020. Ainsi l\u2019<a href=\"https:\/\/www.eso.org\/public\/\" data-type=\"URL\" data-id=\"https:\/\/www.eso.org\/public\/\" target=\"_blank\" rel=\"noreferrer noopener\">ESO<\/a> a lanc\u00e9 la r\u00e9alisation d\u2019un t\u00e9lescope, appel\u00e9 \u00ab <a href=\"https:\/\/elt.eso.org\" data-type=\"URL\" data-id=\"https:\/\/elt.eso.org\" target=\"_blank\" rel=\"noreferrer noopener\">Extremely Large Telescope<\/a> \u00bb (ELT), de 39m de diam\u00e8tre, et dont la premi\u00e8re lumi\u00e8re est pr\u00e9vue en 2028.<\/p>\n\n\n\n<p>Trois instruments de premi\u00e8re g\u00e9n\u00e9ration ont d\u00e9marr\u00e9 officiellement leur phase de conception fin 2015 : une cam\u00e9ra spectro-imageur proche IR (<a rel=\"noreferrer noopener\" href=\"https:\/\/www.mpe.mpg.de\/ir\/micado\" data-type=\"URL\" data-id=\"https:\/\/www.mpe.mpg.de\/ir\/micado\" target=\"_blank\">MICADO<\/a>) et un module d\u2019OA multi-conjugu\u00e9 (<a rel=\"noreferrer noopener\" href=\"http:\/\/wwwmorfeo.oabo.inaf.it\" data-type=\"URL\" data-id=\"http:\/\/wwwmorfeo.oabo.inaf.it\" target=\"_blank\">MORFEO<\/a>), un spectrographe \u00e0 champ int\u00e9gral proche IR (<a rel=\"noreferrer noopener\" href=\"https:\/\/harmoni-elt.physics.ox.ac.uk\" data-type=\"URL\" data-id=\"https:\/\/harmoni-elt.physics.ox.ac.uk\" target=\"_blank\">HARMONI<\/a>) et une cam\u00e9ra spectro-imageur dans le moyen IR (<a rel=\"noreferrer noopener\" href=\"https:\/\/metis.strw.leidenuniv.nl\" data-type=\"URL\" data-id=\"https:\/\/metis.strw.leidenuniv.nl\" target=\"_blank\">METIS<\/a>). Deux autres instruments, le spectrographe multi-objets <a rel=\"noreferrer noopener\" href=\"http:\/\/www.mosaic-elt.eu\" data-type=\"URL\" data-id=\"http:\/\/www.mosaic-elt.eu\" target=\"_blank\">MOSAIC<\/a> et le spectrographe \u00e0 tr\u00e8s haute r\u00e9solution spectrale <a rel=\"noreferrer noopener\" href=\"http:\/\/hires.inaf.it\" data-type=\"URL\" data-id=\"http:\/\/hires.inaf.it\" target=\"_blank\">ANDES<\/a>, ont d\u00e9marr\u00e9 officiellement leur phase de conception. Enfin, \u00e0 plus longue \u00e9ch\u00e9ance est pr\u00e9vu le d\u00e9veloppement d\u2019un spectro-imageur d\u2019exoplan\u00e8tes (<a rel=\"noreferrer noopener\" href=\"https:\/\/www.eso.org\/sci\/publications\/messenger\/archive\/no.182-mar21\/messenger-no182-38-43.pdf\" data-type=\"URL\" data-id=\"https:\/\/www.eso.org\/sci\/publications\/messenger\/archive\/no.182-mar21\/messenger-no182-38-43.pdf\" target=\"_blank\">PCS<\/a>).<\/p>\n\n\n\n<p>L\u2019Observatoire de Paris est engag\u00e9 dans la construction de deux de ces instruments, <a rel=\"noreferrer noopener\" href=\"https:\/\/lesia.obspm.fr\/L-instrument-ELT-MICADO.html\" data-type=\"URL\" data-id=\"https:\/\/lesia.obspm.fr\/L-instrument-ELT-MICADO.html\" target=\"_blank\">MICADO<\/a> et <a rel=\"noreferrer noopener\" href=\"https:\/\/gepi.obspm.fr\/les-projets\/instrumentation-e-elt\/mosaic\/\" data-type=\"URL\" data-id=\"https:\/\/gepi.obspm.fr\/les-projets\/instrumentation-e-elt\/mosaic\/\" target=\"_blank\">MOSAIC<\/a>, ainsi que dans la pr\u00e9paration \u00e0 PCS :<\/p>\n\n\n\n<ul class=\"wp-block-list\">\n<li>pour MICADO, une implication au niveau co-I avec, en outre, la responsabilit\u00e9 de l\u2019optique adaptative de premi\u00e8re lumi\u00e8re de l\u2019instrument ainsi que de son mode haut contraste.<\/li>\n\n\n\n<li>pour MOSAIC, une implication aux niveaux co-PI, ing\u00e9nieur syst\u00e8me mat\u00e9rielle et logicielle de l&rsquo;ensemble de l&rsquo;instrument, et <em>project scientist<\/em> avec, en outre, la responsabilit\u00e9 des lots de travaux fibres du mode int\u00e9gral de champ et logiciel de r\u00e9duction de donn\u00e9es<\/li>\n\n\n\n<li>pour PCS, une implication dans de nombreuses R&amp;D en optique adaptative (analyse de front d&rsquo;onde, contr\u00f4le, calculateur temps r\u00e9el) et en imagerie<a rel=\"noreferrer noopener\" href=\"https:\/\/lesia.obspm.fr\/Imagerie-a-tres-haute-dynamique-605.html\" data-type=\"URL\" data-id=\"https:\/\/lesia.obspm.fr\/Imagerie-a-tres-haute-dynamique-605.html\" target=\"_blank\"> <\/a>haut<a rel=\"noreferrer noopener\" href=\"https:\/\/lesia.obspm.fr\/Imagerie-a-tres-haute-dynamique-605.html\" data-type=\"URL\" data-id=\"https:\/\/lesia.obspm.fr\/Imagerie-a-tres-haute-dynamique-605.html\" target=\"_blank\"> <\/a>contraste. Elles se concr\u00e9tisent en particulier par l&rsquo;engagement au niveau PI dans <a rel=\"noreferrer noopener\" href=\"https:\/\/sites.lesia.obspm.fr\/sphereplus\/\" data-type=\"URL\" data-id=\"https:\/\/sites.lesia.obspm.fr\/sphereplus\/\" target=\"_blank\">SPHERE+<\/a>, jouvence du spectro-imageur d&rsquo;exoplan\u00e8tes SPHERE au VLT, avec, en outre, la responsabilit\u00e9 du calculateur temps-r\u00e9el de son optique adaptative.<\/li>\n<\/ul>\n\n\n\n<p>Pour soutenir cette implication dans les d\u00e9veloppements instrumentaux li\u00e9s \u00e0 l\u2019ELT, le Conseil Scientifique de l\u2019Observatoire de Paris (CS) a mis en place en 2022 une action pluriannuelle incitative, avec un soutien financier r\u00e9current sur trois ans : l\u2019action pluriannuelle incitative Programme Extremely Large Telescope (PELT).<\/p>\n\n\n\n<h1 class=\"wp-block-heading\">Objectif de l\u2019action pluriannuelle incitative PELT<\/h1>\n\n\n\n<p>L\u2019action pluriannuelle incitative (API) PELT poursuit trois objectifs :<\/p>\n\n\n\n<ol class=\"wp-block-list\">\n<li>Dans la continuit\u00e9 de l\u2019ancienne action f\u00e9d\u00e9ratrice du CS \u00abInstrumentation de l\u2019ELT\u00bb, poursuivre le soutien indispensable au d\u00e9veloppement instrumental des deux projets MICADO et MOSAIC. MICADO est en train de finir sa phase de conception, rentrant d\u00e9but 2024 dans sa phase de construction, et MOSAIC a entam\u00e9 en 2023 sa phase de conception pour 6 ans : ils ont donc tous les deux des besoins importants sur ces aspects de d\u00e9veloppement instrumental.<\/li>\n\n\n\n<li>Au-del\u00e0 de ce premier objectif, pr\u00e9parer l\u2019exploitation scientifique de MICADO et MOSAIC, d\u2019une part en faisant \u00e9merger les programmes d\u2019observation MICADO que souhaitent porter les chercheurs des diff\u00e9rents d\u00e9partements de l\u2019Observatoire, d\u2019autre part en suscitant la d\u00e9finition de nouveaux cas scientifiques MOSAIC port\u00e9s par des chercheurs des diff\u00e9rents d\u00e9partements de l\u2019Observatoire.<\/li>\n\n\n\n<li>Enfin, favoriser les synergies (instrumentales et scientifiques) entre les instruments MICADO et MOSAIC et les autres projets d\u2019instruments de l\u2019Observatoire de Paris. Ces autres projets sont en premier lieu les autres projets VLT dans des gammes de longueurs d\u2019onde similaires : <a href=\"https:\/\/moons-france.obspm.fr\" data-type=\"URL\" data-id=\"https:\/\/moons-france.obspm.fr\" target=\"_blank\" rel=\"noreferrer noopener\">MOONS<\/a>, <a href=\"https:\/\/www.mpe.mpg.de\/ir\/gravityplus\" data-type=\"URL\" data-id=\"https:\/\/www.mpe.mpg.de\/ir\/gravityplus\" target=\"_blank\" rel=\"noreferrer noopener\">GRAVITY+<\/a>, SPHERE+. Mais des synergies seront aussi recherch\u00e9es avec des instruments dans d\u2019autres gammes de longueurs d\u2019onde, en radioastronomie avec <a href=\"https:\/\/nenufar.obs-nancay.fr\" data-type=\"URL\" data-id=\"https:\/\/nenufar.obs-nancay.fr\" target=\"_blank\" rel=\"noreferrer noopener\">NenuFAR<\/a> ou <a href=\"http:\/\/www.skatelescope.org\" data-type=\"URL\" data-id=\"http:\/\/www.skatelescope.org\" target=\"_blank\" rel=\"noreferrer noopener\">SKA<\/a>.<\/li>\n<\/ol>\n","protected":false},"excerpt":{"rendered":"<p>Contexte Par leur pouvoir collecteur et leur r\u00e9solution angulaire accessible gr\u00e2ce \u00e0 l\u2019optique adaptative, les extr\u00eamement grands t\u00e9lescopes (classe de 20 \u00e0 40m) vont r\u00e9volutionner l\u2019astronomie visible et infrarouge \u00e0 partir de la fin des ann\u00e9es 2020. Ainsi l\u2019ESO a &hellip; <a href=\"https:\/\/sites.lesia.obspm.fr\/pelt\/\">Continuer la lecture <span class=\"meta-nav\">&rarr;<\/span><\/a><\/p>\n","protected":false},"author":94,"featured_media":0,"parent":0,"menu_order":0,"comment_status":"closed","ping_status":"closed","template":"","meta":{"footnotes":""},"class_list":["post-53","page","type-page","status-publish","hentry"],"_links":{"self":[{"href":"https:\/\/sites.lesia.obspm.fr\/pelt\/wp-json\/wp\/v2\/pages\/53","targetHints":{"allow":["GET"]}}],"collection":[{"href":"https:\/\/sites.lesia.obspm.fr\/pelt\/wp-json\/wp\/v2\/pages"}],"about":[{"href":"https:\/\/sites.lesia.obspm.fr\/pelt\/wp-json\/wp\/v2\/types\/page"}],"author":[{"embeddable":true,"href":"https:\/\/sites.lesia.obspm.fr\/pelt\/wp-json\/wp\/v2\/users\/94"}],"replies":[{"embeddable":true,"href":"https:\/\/sites.lesia.obspm.fr\/pelt\/wp-json\/wp\/v2\/comments?post=53"}],"version-history":[{"count":11,"href":"https:\/\/sites.lesia.obspm.fr\/pelt\/wp-json\/wp\/v2\/pages\/53\/revisions"}],"predecessor-version":[{"id":93,"href":"https:\/\/sites.lesia.obspm.fr\/pelt\/wp-json\/wp\/v2\/pages\/53\/revisions\/93"}],"wp:attachment":[{"href":"https:\/\/sites.lesia.obspm.fr\/pelt\/wp-json\/wp\/v2\/media?parent=53"}],"curies":[{"name":"wp","href":"https:\/\/api.w.org\/{rel}","templated":true}]}}