{"id":9,"date":"2023-06-12T20:16:25","date_gmt":"2023-06-12T18:16:25","guid":{"rendered":"https:\/\/sites.lesia.obspm.fr\/federation-nanosats\/?page_id=9"},"modified":"2025-04-08T10:23:00","modified_gmt":"2025-04-08T08:23:00","slug":"actualites","status":"publish","type":"page","link":"https:\/\/sites.lesia.obspm.fr\/federation-nanosats\/actualites\/","title":{"rendered":"Actualit\u00e9s"},"content":{"rendered":"\n<div style=\"height:100px\" aria-hidden=\"true\" class=\"wp-block-spacer\"><\/div>\n\n\n<ul class=\"wp-block-latest-posts__list is-grid columns-3 has-dates has-link-color wp-elements-993d1c39a1ee29a54d1f08e145347144 wp-block-latest-posts has-text-color has-neve-text-color-color\"><li><div class=\"wp-block-latest-posts__featured-image\"><a href=\"https:\/\/sites.lesia.obspm.fr\/federation-nanosats\/au-coeur-du-newspace-scientifique-retour-sur-le-workshop-de-la-federation-nanosats\/\" aria-label=\"Au c\u0153ur du NewSpace scientifique : retour sur le workshop de la F\u00e9d\u00e9ration Nanosats\"><img loading=\"lazy\" decoding=\"async\" width=\"1010\" height=\"197\" src=\"https:\/\/sites.lesia.obspm.fr\/federation-nanosats\/files\/2026\/03\/front_Wk2026-1-e1774526311981.jpg\" class=\"attachment-large size-large wp-post-image\" alt=\"\" style=\"\" srcset=\"https:\/\/sites.lesia.obspm.fr\/federation-nanosats\/files\/2026\/03\/front_Wk2026-1-e1774526311981.jpg 1010w, https:\/\/sites.lesia.obspm.fr\/federation-nanosats\/files\/2026\/03\/front_Wk2026-1-e1774526311981-300x59.jpg 300w, https:\/\/sites.lesia.obspm.fr\/federation-nanosats\/files\/2026\/03\/front_Wk2026-1-e1774526311981-768x150.jpg 768w\" sizes=\"auto, (max-width: 1010px) 100vw, 1010px\" \/><\/a><\/div><a class=\"wp-block-latest-posts__post-title\" href=\"https:\/\/sites.lesia.obspm.fr\/federation-nanosats\/au-coeur-du-newspace-scientifique-retour-sur-le-workshop-de-la-federation-nanosats\/\">Au c\u0153ur du NewSpace scientifique : retour sur le workshop de la F\u00e9d\u00e9ration Nanosats<\/a><time datetime=\"2026-03-26T12:37:29+01:00\" class=\"wp-block-latest-posts__post-date\">26 mars 2026<\/time><div class=\"wp-block-latest-posts__post-excerpt\">\u00c0 l\u2019occasion du 3\u00e8me&nbsp;workshop de la F\u00e9d\u00e9ration Nanosats organis\u00e9 du 4 au 6 mars 2026 \u00e0 Sorbonne Universit\u00e9, chercheurs, ing\u00e9nieurs, agences spatiales, industriels et \u00e9tudiants se sont r\u00e9unis autour d\u2019un objectif commun : discuter des \u00e9volutions r\u00e9centes du NewSpace, de ses enjeux et de ses&hellip;&nbsp;<a href=\"https:\/\/sites.lesia.obspm.fr\/federation-nanosats\/au-coeur-du-newspace-scientifique-retour-sur-le-workshop-de-la-federation-nanosats\/\" rel=\"bookmark\">Lire la suite &raquo;<span class=\"screen-reader-text\">Au c\u0153ur du NewSpace scientifique : retour sur le workshop de la F\u00e9d\u00e9ration Nanosats<\/span><\/a><\/div><\/li>\n<li><div class=\"wp-block-latest-posts__featured-image\"><a href=\"https:\/\/sites.lesia.obspm.fr\/federation-nanosats\/brite-lumieres-sur-une-reussite-du-newspace-scientifique\/\" aria-label=\"BRITE : lumi\u00e8res sur une r\u00e9ussite du NewSpace scientifique\"><img loading=\"lazy\" decoding=\"async\" width=\"1024\" height=\"187\" src=\"https:\/\/sites.lesia.obspm.fr\/federation-nanosats\/files\/2025\/11\/BRITE_actu-1024x187.jpg\" class=\"attachment-large size-large wp-post-image\" alt=\"\" style=\"\" srcset=\"https:\/\/sites.lesia.obspm.fr\/federation-nanosats\/files\/2025\/11\/BRITE_actu-1024x187.jpg 1024w, https:\/\/sites.lesia.obspm.fr\/federation-nanosats\/files\/2025\/11\/BRITE_actu-300x55.jpg 300w, https:\/\/sites.lesia.obspm.fr\/federation-nanosats\/files\/2025\/11\/BRITE_actu-768x140.jpg 768w, https:\/\/sites.lesia.obspm.fr\/federation-nanosats\/files\/2025\/11\/BRITE_actu-1536x280.jpg 1536w, https:\/\/sites.lesia.obspm.fr\/federation-nanosats\/files\/2025\/11\/BRITE_actu-1320x241.jpg 1320w, https:\/\/sites.lesia.obspm.fr\/federation-nanosats\/files\/2025\/11\/BRITE_actu.jpg 1920w\" sizes=\"auto, (max-width: 1024px) 100vw, 1024px\" \/><\/a><\/div><a class=\"wp-block-latest-posts__post-title\" href=\"https:\/\/sites.lesia.obspm.fr\/federation-nanosats\/brite-lumieres-sur-une-reussite-du-newspace-scientifique\/\">BRITE : lumi\u00e8res sur une r\u00e9ussite du NewSpace scientifique<\/a><time datetime=\"2025-11-29T15:22:48+01:00\" class=\"wp-block-latest-posts__post-date\">29 novembre 2025<\/time><div class=\"wp-block-latest-posts__post-excerpt\">Dans le cadre du premier SLOT (S\u00e9minaire en ligne Off-The-Shelf) de la F\u00e9d\u00e9ration Nanosats le 13 novembre 2025, Konstanze Zwintz (Innsbrurck university) est revenue sur les 14 ann\u00e9es de science g\u00e9n\u00e9r\u00e9e par les observations de la constellation BRITE. Avec ses 5 nanosatellites \u2013 le 6\u00e8me&nbsp;n\u2019ayant&hellip;&nbsp;<a href=\"https:\/\/sites.lesia.obspm.fr\/federation-nanosats\/brite-lumieres-sur-une-reussite-du-newspace-scientifique\/\" rel=\"bookmark\">Lire la suite &raquo;<span class=\"screen-reader-text\">BRITE : lumi\u00e8res sur une r\u00e9ussite du NewSpace scientifique<\/span><\/a><\/div><\/li>\n<li><div class=\"wp-block-latest-posts__featured-image\"><a href=\"https:\/\/sites.lesia.obspm.fr\/federation-nanosats\/lancement-des-seminaires-en-ligne-dedies-aux-nanosatellites\/\" aria-label=\"Lancement des s\u00e9minaires en ligne d\u00e9di\u00e9s aux nanosatellites\"><img loading=\"lazy\" decoding=\"async\" width=\"1024\" height=\"188\" src=\"https:\/\/sites.lesia.obspm.fr\/federation-nanosats\/files\/2025\/09\/wots-2-1024x188.jpg\" class=\"attachment-large size-large wp-post-image\" alt=\"\" style=\"\" srcset=\"https:\/\/sites.lesia.obspm.fr\/federation-nanosats\/files\/2025\/09\/wots-2-1024x188.jpg 1024w, https:\/\/sites.lesia.obspm.fr\/federation-nanosats\/files\/2025\/09\/wots-2-300x55.jpg 300w, https:\/\/sites.lesia.obspm.fr\/federation-nanosats\/files\/2025\/09\/wots-2-768x141.jpg 768w, https:\/\/sites.lesia.obspm.fr\/federation-nanosats\/files\/2025\/09\/wots-2-1536x281.jpg 1536w, https:\/\/sites.lesia.obspm.fr\/federation-nanosats\/files\/2025\/09\/wots-2-1320x242.jpg 1320w, https:\/\/sites.lesia.obspm.fr\/federation-nanosats\/files\/2025\/09\/wots-2.jpg 1921w\" sizes=\"auto, (max-width: 1024px) 100vw, 1024px\" \/><\/a><\/div><a class=\"wp-block-latest-posts__post-title\" href=\"https:\/\/sites.lesia.obspm.fr\/federation-nanosats\/lancement-des-seminaires-en-ligne-dedies-aux-nanosatellites\/\">Lancement des s\u00e9minaires en ligne d\u00e9di\u00e9s aux nanosatellites<\/a><time datetime=\"2025-10-13T08:40:00+02:00\" class=\"wp-block-latest-posts__post-date\">13 octobre 2025<\/time><div class=\"wp-block-latest-posts__post-excerpt\">Avant-propos Pleinement dans son r\u00f4le de f\u00e9d\u00e9ration de recherche et d&rsquo;animation, la F\u00e9d\u00e9ration Nanosats lance une toute nouvelle s\u00e9rie de s\u00e9minaires en ligne enti\u00e8rement d\u00e9di\u00e9e aux projets de nanosatellites scientifiques. Chaque second jeudi du mois \u00e0 14h \u00e0 partir du mois de novembre, des scientifiques&hellip;&nbsp;<a href=\"https:\/\/sites.lesia.obspm.fr\/federation-nanosats\/lancement-des-seminaires-en-ligne-dedies-aux-nanosatellites\/\" rel=\"bookmark\">Lire la suite &raquo;<span class=\"screen-reader-text\">Lancement des s\u00e9minaires en ligne d\u00e9di\u00e9s aux nanosatellites<\/span><\/a><\/div><\/li>\n<li><div class=\"wp-block-latest-posts__featured-image\"><a href=\"https:\/\/sites.lesia.obspm.fr\/federation-nanosats\/la-recherche-scientifique-malheureuse-oubliee-des-assises-du-newspace\/\" aria-label=\"La recherche scientifique, malheureuse oubli\u00e9e des Assises du Newspace\"><img loading=\"lazy\" decoding=\"async\" width=\"1024\" height=\"188\" src=\"https:\/\/sites.lesia.obspm.fr\/federation-nanosats\/files\/2025\/07\/assises4-1024x188.jpg\" class=\"attachment-large size-large wp-post-image\" alt=\"\" style=\"\" srcset=\"https:\/\/sites.lesia.obspm.fr\/federation-nanosats\/files\/2025\/07\/assises4-1024x188.jpg 1024w, https:\/\/sites.lesia.obspm.fr\/federation-nanosats\/files\/2025\/07\/assises4-300x55.jpg 300w, https:\/\/sites.lesia.obspm.fr\/federation-nanosats\/files\/2025\/07\/assises4-768x141.jpg 768w, https:\/\/sites.lesia.obspm.fr\/federation-nanosats\/files\/2025\/07\/assises4-1536x281.jpg 1536w, https:\/\/sites.lesia.obspm.fr\/federation-nanosats\/files\/2025\/07\/assises4.jpg 1922w\" sizes=\"auto, (max-width: 1024px) 100vw, 1024px\" \/><\/a><\/div><a class=\"wp-block-latest-posts__post-title\" href=\"https:\/\/sites.lesia.obspm.fr\/federation-nanosats\/la-recherche-scientifique-malheureuse-oubliee-des-assises-du-newspace\/\">La recherche scientifique, malheureuse oubli\u00e9e des Assises du Newspace<\/a><time datetime=\"2025-07-17T13:42:27+02:00\" class=\"wp-block-latest-posts__post-date\">17 juillet 2025<\/time><div class=\"wp-block-latest-posts__post-excerpt\">Les 8 et 9 juillet derniers avait lieu au centre des congr\u00e8s de la Cit\u00e9 des sciences et de l\u2019industrie de la Villette \u00e0 Paris, la 4\u00e8me\u00a0\u00e9dition des Assises du Newspace. Environ 1000 acteurs du spatial \u00e9taient r\u00e9unis avec beaucoup d\u2019engouement pour\u00a0\u00e9changer autour des grands&hellip;&nbsp;<a href=\"https:\/\/sites.lesia.obspm.fr\/federation-nanosats\/la-recherche-scientifique-malheureuse-oubliee-des-assises-du-newspace\/\" rel=\"bookmark\">Lire la suite &raquo;<span class=\"screen-reader-text\">La recherche scientifique, malheureuse oubli\u00e9e des Assises du Newspace<\/span><\/a><\/div><\/li>\n<li><div class=\"wp-block-latest-posts__featured-image\"><a href=\"https:\/\/sites.lesia.obspm.fr\/federation-nanosats\/smallsat-europe-deux-enseignements-majeurs\/\" aria-label=\"Smallsat Europe, deux enseignements\u00a0majeurs !\"><img loading=\"lazy\" decoding=\"async\" width=\"1024\" height=\"189\" src=\"https:\/\/sites.lesia.obspm.fr\/federation-nanosats\/files\/2025\/07\/SmallSatbanner-1024x189.png\" class=\"attachment-large size-large wp-post-image\" alt=\"\" style=\"\" srcset=\"https:\/\/sites.lesia.obspm.fr\/federation-nanosats\/files\/2025\/07\/SmallSatbanner-1024x189.png 1024w, https:\/\/sites.lesia.obspm.fr\/federation-nanosats\/files\/2025\/07\/SmallSatbanner-300x55.png 300w, https:\/\/sites.lesia.obspm.fr\/federation-nanosats\/files\/2025\/07\/SmallSatbanner-768x141.png 768w, https:\/\/sites.lesia.obspm.fr\/federation-nanosats\/files\/2025\/07\/SmallSatbanner-1536x283.png 1536w, https:\/\/sites.lesia.obspm.fr\/federation-nanosats\/files\/2025\/07\/SmallSatbanner.png 1923w\" sizes=\"auto, (max-width: 1024px) 100vw, 1024px\" \/><\/a><\/div><a class=\"wp-block-latest-posts__post-title\" href=\"https:\/\/sites.lesia.obspm.fr\/federation-nanosats\/smallsat-europe-deux-enseignements-majeurs\/\">Smallsat Europe, deux enseignements\u00a0majeurs !<\/a><time datetime=\"2025-07-04T12:22:26+02:00\" class=\"wp-block-latest-posts__post-date\">4 juillet 2025<\/time><div class=\"wp-block-latest-posts__post-excerpt\">Les 27 et 28 mai dernier, avait lieu l\u2019\u00e9v\u00e9nement SmallSat Europe \u00e0 Amsterdam, organis\u00e9 par Satnews events. Avec ses 1200 participants, pr\u00e8s de 150 exposants et ses 3 sc\u00e8nes, cet \u00e9v\u00e9nement se place d\u00e9sormais comme un incontournable du secteur et confirme la n\u00e9cessit\u00e9 d\u2019un positionnement&hellip;&nbsp;<a href=\"https:\/\/sites.lesia.obspm.fr\/federation-nanosats\/smallsat-europe-deux-enseignements-majeurs\/\" rel=\"bookmark\">Lire la suite &raquo;<span class=\"screen-reader-text\">Smallsat Europe, deux enseignements\u00a0majeurs !<\/span><\/a><\/div><\/li>\n<li><div class=\"wp-block-latest-posts__featured-image\"><a href=\"https:\/\/sites.lesia.obspm.fr\/federation-nanosats\/la-federation-se-dote-dun-ingenieur-en-electronique-embarquee\/\" aria-label=\"La F\u00e9d\u00e9ration se dote d&rsquo;un ing\u00e9nieur en \u00e9lectronique embarqu\u00e9e\"><img loading=\"lazy\" decoding=\"async\" width=\"1024\" height=\"188\" src=\"https:\/\/sites.lesia.obspm.fr\/federation-nanosats\/files\/2025\/04\/kouassikouassi-1024x188.jpg\" class=\"attachment-large size-large wp-post-image\" alt=\"\" style=\"\" srcset=\"https:\/\/sites.lesia.obspm.fr\/federation-nanosats\/files\/2025\/04\/kouassikouassi-1024x188.jpg 1024w, https:\/\/sites.lesia.obspm.fr\/federation-nanosats\/files\/2025\/04\/kouassikouassi-300x55.jpg 300w, https:\/\/sites.lesia.obspm.fr\/federation-nanosats\/files\/2025\/04\/kouassikouassi-768x141.jpg 768w, https:\/\/sites.lesia.obspm.fr\/federation-nanosats\/files\/2025\/04\/kouassikouassi-1536x281.jpg 1536w, https:\/\/sites.lesia.obspm.fr\/federation-nanosats\/files\/2025\/04\/kouassikouassi.jpg 1922w\" sizes=\"auto, (max-width: 1024px) 100vw, 1024px\" \/><\/a><\/div><a class=\"wp-block-latest-posts__post-title\" href=\"https:\/\/sites.lesia.obspm.fr\/federation-nanosats\/la-federation-se-dote-dun-ingenieur-en-electronique-embarquee\/\">La F\u00e9d\u00e9ration se dote d&rsquo;un ing\u00e9nieur en \u00e9lectronique embarqu\u00e9e<\/a><time datetime=\"2025-04-07T10:05:12+02:00\" class=\"wp-block-latest-posts__post-date\">7 avril 2025<\/time><div class=\"wp-block-latest-posts__post-excerpt\">En cons\u00e9quence de l\u2019appel d\u2019offre 2024 durant lequel elle avait d\u00e9cid\u00e9 de choisir la proposition d\u2019un ing\u00e9nieur en \u00e9lectronique mutualis\u00e9, la F\u00e9d\u00e9ration renforce son \u00e9quipe avec l\u2019arriv\u00e9e de Kouassi Kouassi le 1 avril 2025 en tant qu\u2019\u00e9lectronicien pour une dur\u00e9e de 13 mois. Kouassi Kouassi&hellip;&nbsp;<a href=\"https:\/\/sites.lesia.obspm.fr\/federation-nanosats\/la-federation-se-dote-dun-ingenieur-en-electronique-embarquee\/\" rel=\"bookmark\">Lire la suite &raquo;<span class=\"screen-reader-text\">La F\u00e9d\u00e9ration se dote d&rsquo;un ing\u00e9nieur en \u00e9lectronique embarqu\u00e9e<\/span><\/a><\/div><\/li>\n<li><div class=\"wp-block-latest-posts__featured-image\"><a href=\"https:\/\/sites.lesia.obspm.fr\/federation-nanosats\/lancement-reussi-pour-uvsq-sat-ng\/\" aria-label=\"Lancement r\u00e9ussi pour UVSQ-Sat NG\"><img loading=\"lazy\" decoding=\"async\" width=\"1024\" height=\"188\" src=\"https:\/\/sites.lesia.obspm.fr\/federation-nanosats\/files\/2025\/03\/uvsq-sat-1024x188.jpg\" class=\"attachment-large size-large wp-post-image\" alt=\"\" style=\"\" srcset=\"https:\/\/sites.lesia.obspm.fr\/federation-nanosats\/files\/2025\/03\/uvsq-sat-1024x188.jpg 1024w, https:\/\/sites.lesia.obspm.fr\/federation-nanosats\/files\/2025\/03\/uvsq-sat-300x55.jpg 300w, https:\/\/sites.lesia.obspm.fr\/federation-nanosats\/files\/2025\/03\/uvsq-sat-768x141.jpg 768w, https:\/\/sites.lesia.obspm.fr\/federation-nanosats\/files\/2025\/03\/uvsq-sat-1536x281.jpg 1536w, https:\/\/sites.lesia.obspm.fr\/federation-nanosats\/files\/2025\/03\/uvsq-sat.jpg 1922w\" sizes=\"auto, (max-width: 1024px) 100vw, 1024px\" \/><\/a><\/div><a class=\"wp-block-latest-posts__post-title\" href=\"https:\/\/sites.lesia.obspm.fr\/federation-nanosats\/lancement-reussi-pour-uvsq-sat-ng\/\">Lancement r\u00e9ussi pour UVSQ-Sat NG<\/a><time datetime=\"2025-03-20T16:19:02+01:00\" class=\"wp-block-latest-posts__post-date\">20 mars 2025<\/time><div class=\"wp-block-latest-posts__post-excerpt\">Le 15 mars 2025 \u00e0 7h39 (heure fran\u00e7aise), une fus\u00e9e Falcon 9 de Space X s&rsquo;est \u00e9lanc\u00e9e depuis la base militaire de Vandenberg en Californie, emportant \u00e0 son bord une myriade de satellites dont UVSQ-Sat NG. Ce nanosatellite, d\u00e9velopp\u00e9 par le Laboratoire Atmosph\u00e8res, milieux, observations&hellip;&nbsp;<a href=\"https:\/\/sites.lesia.obspm.fr\/federation-nanosats\/lancement-reussi-pour-uvsq-sat-ng\/\" rel=\"bookmark\">Lire la suite &raquo;<span class=\"screen-reader-text\">Lancement r\u00e9ussi pour UVSQ-Sat NG<\/span><\/a><\/div><\/li>\n<li><div class=\"wp-block-latest-posts__featured-image\"><a href=\"https:\/\/sites.lesia.obspm.fr\/federation-nanosats\/lancement-duvsq-sat-ng\/\" aria-label=\"Lancement d&rsquo;UVSQ-SAT NG\"><img loading=\"lazy\" decoding=\"async\" width=\"1024\" height=\"188\" src=\"https:\/\/sites.lesia.obspm.fr\/federation-nanosats\/files\/2025\/03\/uvsq-sat-1024x188.jpg\" class=\"attachment-large size-large wp-post-image\" alt=\"\" style=\"\" srcset=\"https:\/\/sites.lesia.obspm.fr\/federation-nanosats\/files\/2025\/03\/uvsq-sat-1024x188.jpg 1024w, https:\/\/sites.lesia.obspm.fr\/federation-nanosats\/files\/2025\/03\/uvsq-sat-300x55.jpg 300w, https:\/\/sites.lesia.obspm.fr\/federation-nanosats\/files\/2025\/03\/uvsq-sat-768x141.jpg 768w, https:\/\/sites.lesia.obspm.fr\/federation-nanosats\/files\/2025\/03\/uvsq-sat-1536x281.jpg 1536w, https:\/\/sites.lesia.obspm.fr\/federation-nanosats\/files\/2025\/03\/uvsq-sat.jpg 1922w\" sizes=\"auto, (max-width: 1024px) 100vw, 1024px\" \/><\/a><\/div><a class=\"wp-block-latest-posts__post-title\" href=\"https:\/\/sites.lesia.obspm.fr\/federation-nanosats\/lancement-duvsq-sat-ng\/\">Lancement d&rsquo;UVSQ-SAT NG<\/a><time datetime=\"2025-03-06T14:49:58+01:00\" class=\"wp-block-latest-posts__post-date\">6 mars 2025<\/time><div class=\"wp-block-latest-posts__post-excerpt\">Le 10 mars 2025 \u00e0 7h39, UVSQ-SAT NG sera lanc\u00e9 \u00e0 bord d&rsquo;une fus\u00e9e Falcon 9 de Space X qui d\u00e9collera de la base de Vandenberg en Californie. Rendez-vous d\u00e8s 7h \u00e0 l&rsquo;OVSQ ! Information et inscription (obligatoire)<\/div><\/li>\n<li><div class=\"wp-block-latest-posts__featured-image\"><a href=\"https:\/\/sites.lesia.obspm.fr\/federation-nanosats\/retour-sur-le-workshop-2025\/\" aria-label=\"Retour sur le workshop 2025\"><img loading=\"lazy\" decoding=\"async\" width=\"1024\" height=\"189\" src=\"https:\/\/sites.lesia.obspm.fr\/federation-nanosats\/files\/2024\/10\/newsbanner-1024x189.png\" class=\"attachment-large size-large wp-post-image\" alt=\"\" style=\"\" srcset=\"https:\/\/sites.lesia.obspm.fr\/federation-nanosats\/files\/2024\/10\/newsbanner-1024x189.png 1024w, https:\/\/sites.lesia.obspm.fr\/federation-nanosats\/files\/2024\/10\/newsbanner-300x55.png 300w, https:\/\/sites.lesia.obspm.fr\/federation-nanosats\/files\/2024\/10\/newsbanner-768x142.png 768w, https:\/\/sites.lesia.obspm.fr\/federation-nanosats\/files\/2024\/10\/newsbanner-1536x284.png 1536w, https:\/\/sites.lesia.obspm.fr\/federation-nanosats\/files\/2024\/10\/newsbanner.png 1923w\" sizes=\"auto, (max-width: 1024px) 100vw, 1024px\" \/><\/a><\/div><a class=\"wp-block-latest-posts__post-title\" href=\"https:\/\/sites.lesia.obspm.fr\/federation-nanosats\/retour-sur-le-workshop-2025\/\">Retour sur le workshop 2025<\/a><time datetime=\"2025-03-03T18:37:25+01:00\" class=\"wp-block-latest-posts__post-date\">3 mars 2025<\/time><div class=\"wp-block-latest-posts__post-excerpt\">Les 29 et 30 janvier derniers, la F\u00e9d\u00e9ration Nanosats organisait son deuxi\u00e8me workshop \u00e0 l\u2019Institut de physique du globe de Paris. Avec une affluence en hausse &#8211; t\u00e9moignant de l\u2019int\u00e9r\u00eat croissant de la communaut\u00e9 &#8211; cette \u00e9dition fut riche en discussions \u00e0 l\u2019image d\u2019un secteur&hellip;&nbsp;<a href=\"https:\/\/sites.lesia.obspm.fr\/federation-nanosats\/retour-sur-le-workshop-2025\/\" rel=\"bookmark\">Lire la suite &raquo;<span class=\"screen-reader-text\">Retour sur le workshop 2025<\/span><\/a><\/div><\/li>\n<li><div class=\"wp-block-latest-posts__featured-image\"><a href=\"https:\/\/sites.lesia.obspm.fr\/federation-nanosats\/lesa-signe-avec-opencosmos-pour-le-developpement-de-nanomagsat\/\" aria-label=\"L\u2019ESA signe avec OpenCosmos pour le d\u00e9veloppement de NanoMagSat\"><img loading=\"lazy\" decoding=\"async\" width=\"1024\" height=\"188\" src=\"https:\/\/sites.lesia.obspm.fr\/federation-nanosats\/files\/2025\/01\/signature-1024x188.jpg\" class=\"attachment-large size-large wp-post-image\" alt=\"\" style=\"\" srcset=\"https:\/\/sites.lesia.obspm.fr\/federation-nanosats\/files\/2025\/01\/signature-1024x188.jpg 1024w, https:\/\/sites.lesia.obspm.fr\/federation-nanosats\/files\/2025\/01\/signature-300x55.jpg 300w, https:\/\/sites.lesia.obspm.fr\/federation-nanosats\/files\/2025\/01\/signature-768x141.jpg 768w, https:\/\/sites.lesia.obspm.fr\/federation-nanosats\/files\/2025\/01\/signature-1536x281.jpg 1536w, https:\/\/sites.lesia.obspm.fr\/federation-nanosats\/files\/2025\/01\/signature.jpg 1922w\" sizes=\"auto, (max-width: 1024px) 100vw, 1024px\" \/><\/a><\/div><a class=\"wp-block-latest-posts__post-title\" href=\"https:\/\/sites.lesia.obspm.fr\/federation-nanosats\/lesa-signe-avec-opencosmos-pour-le-developpement-de-nanomagsat\/\">L\u2019ESA signe avec OpenCosmos pour le d\u00e9veloppement de NanoMagSat<\/a><time datetime=\"2025-01-09T16:17:53+01:00\" class=\"wp-block-latest-posts__post-date\">9 janvier 2025<\/time><div class=\"wp-block-latest-posts__post-excerpt\">L\u2019Agence spatiale europ\u00e9enne (ESA) vient de signer un contrat avec OpenCosmos pour concevoir, lancer et mettre en service la constellation NanoMagSat, marquant ainsi le coup d\u2019envoi de sa concr\u00e9tisation.\u00a0 Profitant de travaux de miniaturisation initi\u00e9s en France avec le soutien du CNES, puis d\u00e9finitivement s\u00e9lectionn\u00e9&hellip;&nbsp;<a href=\"https:\/\/sites.lesia.obspm.fr\/federation-nanosats\/lesa-signe-avec-opencosmos-pour-le-developpement-de-nanomagsat\/\" rel=\"bookmark\">Lire la suite &raquo;<span class=\"screen-reader-text\">L\u2019ESA signe avec OpenCosmos pour le d\u00e9veloppement de NanoMagSat<\/span><\/a><\/div><\/li>\n<li><div class=\"wp-block-latest-posts__featured-image\"><a href=\"https:\/\/sites.lesia.obspm.fr\/federation-nanosats\/ir-coaster-en-route-vers-liss\/\" aria-label=\"IR-COASTER en route vers l&rsquo;ISS\"><img loading=\"lazy\" decoding=\"async\" width=\"1024\" height=\"189\" src=\"https:\/\/sites.lesia.obspm.fr\/federation-nanosats\/files\/2024\/12\/image-mis-en-avant-news-ircoaster.jpg\" class=\"attachment-large size-large wp-post-image\" alt=\"\" style=\"\" srcset=\"https:\/\/sites.lesia.obspm.fr\/federation-nanosats\/files\/2024\/12\/image-mis-en-avant-news-ircoaster.jpg 1024w, https:\/\/sites.lesia.obspm.fr\/federation-nanosats\/files\/2024\/12\/image-mis-en-avant-news-ircoaster-300x55.jpg 300w, https:\/\/sites.lesia.obspm.fr\/federation-nanosats\/files\/2024\/12\/image-mis-en-avant-news-ircoaster-768x142.jpg 768w\" sizes=\"auto, (max-width: 1024px) 100vw, 1024px\" \/><\/a><\/div><a class=\"wp-block-latest-posts__post-title\" href=\"https:\/\/sites.lesia.obspm.fr\/federation-nanosats\/ir-coaster-en-route-vers-liss\/\">IR-COASTER en route vers l&rsquo;ISS<\/a><time datetime=\"2024-12-09T14:07:49+01:00\" class=\"wp-block-latest-posts__post-date\">9 d\u00e9cembre 2024<\/time><div class=\"wp-block-latest-posts__post-excerpt\">D\u00e9velopp\u00e9 au Laboratoire interuniversitaire des syst\u00e8mes atmosph\u00e9riques (LISA\/Campus spatial UPEC), IR-COASTER est un projet de recherche lanc\u00e9 le 05 novembre 2024 \u00e0 03h29 (heure fran\u00e7aise) \u00e0 bord d\u2019une fus\u00e9e Falcon 9 vers la station spatiale internationale d\u2019o\u00f9 il analysera le vieillissement de la mati\u00e8re organiques&hellip;&nbsp;<a href=\"https:\/\/sites.lesia.obspm.fr\/federation-nanosats\/ir-coaster-en-route-vers-liss\/\" rel=\"bookmark\">Lire la suite &raquo;<span class=\"screen-reader-text\">IR-COASTER en route vers l&rsquo;ISS<\/span><\/a><\/div><\/li>\n<li><div class=\"wp-block-latest-posts__featured-image\"><a href=\"https:\/\/sites.lesia.obspm.fr\/federation-nanosats\/spaceibles-iv-census-et-adaequate-remportent-le-lot-1\/\" aria-label=\"Space\u2019ibles IV, CENSUS et AD\u00c6QUATE remportent le lot 1\"><img loading=\"lazy\" decoding=\"async\" width=\"1024\" height=\"189\" src=\"https:\/\/sites.lesia.obspm.fr\/federation-nanosats\/files\/2024\/10\/newsbanner-1024x189.png\" class=\"attachment-large size-large wp-post-image\" alt=\"\" style=\"\" srcset=\"https:\/\/sites.lesia.obspm.fr\/federation-nanosats\/files\/2024\/10\/newsbanner-1024x189.png 1024w, https:\/\/sites.lesia.obspm.fr\/federation-nanosats\/files\/2024\/10\/newsbanner-300x55.png 300w, https:\/\/sites.lesia.obspm.fr\/federation-nanosats\/files\/2024\/10\/newsbanner-768x142.png 768w, https:\/\/sites.lesia.obspm.fr\/federation-nanosats\/files\/2024\/10\/newsbanner-1536x284.png 1536w, https:\/\/sites.lesia.obspm.fr\/federation-nanosats\/files\/2024\/10\/newsbanner.png 1923w\" sizes=\"auto, (max-width: 1024px) 100vw, 1024px\" \/><\/a><\/div><a class=\"wp-block-latest-posts__post-title\" href=\"https:\/\/sites.lesia.obspm.fr\/federation-nanosats\/spaceibles-iv-census-et-adaequate-remportent-le-lot-1\/\">Space\u2019ibles IV, CENSUS et AD\u00c6QUATE remportent le lot 1<\/a><time datetime=\"2024-12-03T09:00:00+01:00\" class=\"wp-block-latest-posts__post-date\">3 d\u00e9cembre 2024<\/time><div class=\"wp-block-latest-posts__post-excerpt\">Cr\u00e9\u00e9 en 2017 par le CNES, l\u2019observatoire de prospective spatiale Space\u2019ibles a lanc\u00e9 son appel \u00e0 projet annuel de compr\u00e9hension des \u00e9volutions en cours dans le spatial en vue de b\u00e2tir sa strat\u00e9gie future. Le p\u00f4le CENSUS de l\u2019Observatoire de Paris&nbsp;|&nbsp;PSL est co-animateur de l\u2019offre&hellip;&nbsp;<a href=\"https:\/\/sites.lesia.obspm.fr\/federation-nanosats\/spaceibles-iv-census-et-adaequate-remportent-le-lot-1\/\" rel=\"bookmark\">Lire la suite &raquo;<span class=\"screen-reader-text\">Space\u2019ibles IV, CENSUS et AD\u00c6QUATE remportent le lot 1<\/span><\/a><\/div><\/li>\n<li><div class=\"wp-block-latest-posts__featured-image\"><a href=\"https:\/\/sites.lesia.obspm.fr\/federation-nanosats\/de-la-necessite-dun-programme-specifique-national-pour-les-nanosatellites-scientifiques\/\" aria-label=\"De la n\u00e9cessit\u00e9 d\u2019un programme sp\u00e9cifique national pour les nanosatellites scientifiques\"><img loading=\"lazy\" decoding=\"async\" width=\"1024\" height=\"189\" src=\"https:\/\/sites.lesia.obspm.fr\/federation-nanosats\/files\/2024\/10\/newsbanner-1024x189.png\" class=\"attachment-large size-large wp-post-image\" alt=\"\" style=\"\" srcset=\"https:\/\/sites.lesia.obspm.fr\/federation-nanosats\/files\/2024\/10\/newsbanner-1024x189.png 1024w, https:\/\/sites.lesia.obspm.fr\/federation-nanosats\/files\/2024\/10\/newsbanner-300x55.png 300w, https:\/\/sites.lesia.obspm.fr\/federation-nanosats\/files\/2024\/10\/newsbanner-768x142.png 768w, https:\/\/sites.lesia.obspm.fr\/federation-nanosats\/files\/2024\/10\/newsbanner-1536x284.png 1536w, https:\/\/sites.lesia.obspm.fr\/federation-nanosats\/files\/2024\/10\/newsbanner.png 1923w\" sizes=\"auto, (max-width: 1024px) 100vw, 1024px\" \/><\/a><\/div><a class=\"wp-block-latest-posts__post-title\" href=\"https:\/\/sites.lesia.obspm.fr\/federation-nanosats\/de-la-necessite-dun-programme-specifique-national-pour-les-nanosatellites-scientifiques\/\">De la n\u00e9cessit\u00e9 d\u2019un programme sp\u00e9cifique national pour les nanosatellites scientifiques<\/a><time datetime=\"2024-10-03T11:59:03+02:00\" class=\"wp-block-latest-posts__post-date\">3 octobre 2024<\/time><div class=\"wp-block-latest-posts__post-excerpt\">Le NewSpace a radicalement chang\u00e9 la fa\u00e7on de concevoir les projets spatiaux. Cette nouvelle approche, qui met l&rsquo;accent sur la r\u00e9duction des co\u00fbts, la diminution des d\u00e9lais et l&rsquo;acc\u00e9l\u00e9ration du d\u00e9veloppement technologique, facilite l&rsquo;acc\u00e8s \u00e0 l&rsquo;espace et la diversification des acteurs. Cependant, la majorit\u00e9 des&hellip;&nbsp;<a href=\"https:\/\/sites.lesia.obspm.fr\/federation-nanosats\/de-la-necessite-dun-programme-specifique-national-pour-les-nanosatellites-scientifiques\/\" rel=\"bookmark\">Lire la suite &raquo;<span class=\"screen-reader-text\">De la n\u00e9cessit\u00e9 d\u2019un programme sp\u00e9cifique national pour les nanosatellites scientifiques<\/span><\/a><\/div><\/li>\n<li><div class=\"wp-block-latest-posts__featured-image\"><a href=\"https:\/\/sites.lesia.obspm.fr\/federation-nanosats\/retour-sur-le-1er-workshop-de-la-federation\/\" aria-label=\"Retour sur le 1er workshop de la F\u00e9d\u00e9ration\"><img loading=\"lazy\" decoding=\"async\" width=\"1024\" height=\"189\" src=\"https:\/\/sites.lesia.obspm.fr\/federation-nanosats\/files\/2024\/10\/newsbanner-1024x189.png\" class=\"attachment-large size-large wp-post-image\" alt=\"\" style=\"\" srcset=\"https:\/\/sites.lesia.obspm.fr\/federation-nanosats\/files\/2024\/10\/newsbanner-1024x189.png 1024w, https:\/\/sites.lesia.obspm.fr\/federation-nanosats\/files\/2024\/10\/newsbanner-300x55.png 300w, https:\/\/sites.lesia.obspm.fr\/federation-nanosats\/files\/2024\/10\/newsbanner-768x142.png 768w, https:\/\/sites.lesia.obspm.fr\/federation-nanosats\/files\/2024\/10\/newsbanner-1536x284.png 1536w, https:\/\/sites.lesia.obspm.fr\/federation-nanosats\/files\/2024\/10\/newsbanner.png 1923w\" sizes=\"auto, (max-width: 1024px) 100vw, 1024px\" \/><\/a><\/div><a class=\"wp-block-latest-posts__post-title\" href=\"https:\/\/sites.lesia.obspm.fr\/federation-nanosats\/retour-sur-le-1er-workshop-de-la-federation\/\">Retour sur le 1er workshop de la F\u00e9d\u00e9ration<\/a><time datetime=\"2024-03-11T17:42:36+01:00\" class=\"wp-block-latest-posts__post-date\">11 mars 2024<\/time><div class=\"wp-block-latest-posts__post-excerpt\">Les 6 et 7 f\u00e9vrier se d\u00e9roulait le premier workshop de la F\u00e9d\u00e9ration Nanosats \u00e0 l\u2019Observatoire de Paris sur le site de Meudon. Une excellente opportunit\u00e9 pour 30 de ses membres de se r\u00e9unir, de pr\u00e9senter les avancements des diff\u00e9rents groupes de travail de la&hellip;&nbsp;<a href=\"https:\/\/sites.lesia.obspm.fr\/federation-nanosats\/retour-sur-le-1er-workshop-de-la-federation\/\" rel=\"bookmark\">Lire la suite &raquo;<span class=\"screen-reader-text\">Retour sur le 1er workshop de la F\u00e9d\u00e9ration<\/span><\/a><\/div><\/li>\n<li><div class=\"wp-block-latest-posts__featured-image\"><a href=\"https:\/\/sites.lesia.obspm.fr\/federation-nanosats\/reunion-du-conseil1\/\" aria-label=\"R\u00e9union du Conseil#1\"><img loading=\"lazy\" decoding=\"async\" width=\"1024\" height=\"189\" src=\"https:\/\/sites.lesia.obspm.fr\/federation-nanosats\/files\/2024\/10\/newsbanner-1024x189.png\" class=\"attachment-large size-large wp-post-image\" alt=\"\" style=\"\" srcset=\"https:\/\/sites.lesia.obspm.fr\/federation-nanosats\/files\/2024\/10\/newsbanner-1024x189.png 1024w, https:\/\/sites.lesia.obspm.fr\/federation-nanosats\/files\/2024\/10\/newsbanner-300x55.png 300w, https:\/\/sites.lesia.obspm.fr\/federation-nanosats\/files\/2024\/10\/newsbanner-768x142.png 768w, https:\/\/sites.lesia.obspm.fr\/federation-nanosats\/files\/2024\/10\/newsbanner-1536x284.png 1536w, https:\/\/sites.lesia.obspm.fr\/federation-nanosats\/files\/2024\/10\/newsbanner.png 1923w\" sizes=\"auto, (max-width: 1024px) 100vw, 1024px\" \/><\/a><\/div><a class=\"wp-block-latest-posts__post-title\" href=\"https:\/\/sites.lesia.obspm.fr\/federation-nanosats\/reunion-du-conseil1\/\">R\u00e9union du Conseil#1<\/a><time datetime=\"2023-11-29T16:27:46+01:00\" class=\"wp-block-latest-posts__post-date\">29 novembre 2023<\/time><div class=\"wp-block-latest-posts__post-excerpt\">Le conseil de la f\u00e9d\u00e9ration se r\u00e9unira le 17 octobre sur le campus de Meudon de l\u2019Observatoire de Paris pour discuter des affaires administratives, du budget et des actions de la F\u00e9d\u00e9ration pour les mois \u00e0 venir, notamment l organisation d&rsquo;un workshop et la publication&hellip;&nbsp;<a href=\"https:\/\/sites.lesia.obspm.fr\/federation-nanosats\/reunion-du-conseil1\/\" rel=\"bookmark\">Lire la suite &raquo;<span class=\"screen-reader-text\">R\u00e9union du Conseil#1<\/span><\/a><\/div><\/li>\n<li><a class=\"wp-block-latest-posts__post-title\" href=\"https:\/\/sites.lesia.obspm.fr\/federation-nanosats\/elections-au-conseil-de-la-federation\/\">Elections au conseil de la f\u00e9d\u00e9ration<\/a><time datetime=\"2023-06-16T12:36:30+02:00\" class=\"wp-block-latest-posts__post-date\">16 juin 2023<\/time><div class=\"wp-block-latest-posts__post-excerpt\">Le d\u00e9p\u00f4t de candidatures pour les \u00e9lections au conseil de la f\u00e9d\u00e9ration est ouvert jusqu&rsquo;au 30 juin 2023 \u00e0 minuit.<\/div><\/li>\n<li><a class=\"wp-block-latest-posts__post-title\" href=\"https:\/\/sites.lesia.obspm.fr\/federation-nanosats\/reunion-du-copil-2\/\">R\u00e9union du CoPil #2<\/a><time datetime=\"2023-06-14T09:16:32+02:00\" class=\"wp-block-latest-posts__post-date\">14 juin 2023<\/time><div class=\"wp-block-latest-posts__post-excerpt\">Le comit\u00e9 de pilotage de la f\u00e9d\u00e9ration se r\u00e9unira le 19 septembre \u00e0 l&rsquo;Observatoire de Paris pour d\u00e9signer son\/sa pr\u00e9sident\/e et discuter des priorit\u00e9s strat\u00e9giques de la f\u00e9d\u00e9ration.<\/div><\/li>\n<li><a class=\"wp-block-latest-posts__post-title\" href=\"https:\/\/sites.lesia.obspm.fr\/federation-nanosats\/reunion-du-copil-1\/\">R\u00e9union du CoPil #1<\/a><time datetime=\"2023-04-13T12:33:52+02:00\" class=\"wp-block-latest-posts__post-date\">13 avril 2023<\/time><div class=\"wp-block-latest-posts__post-excerpt\">Les membres internes du comit\u00e9 de pilotage de la f\u00e9d\u00e9ration se sont r\u00e9unis le 12 avril \u00e0 l&rsquo;Observatoire de Paris. Ils ont notamment proposer des membres externes qui rejoindront le CoPil et discuter de l&rsquo;organisation de la f\u00e9d\u00e9ration.<\/div><\/li>\n<\/ul>","protected":false},"excerpt":{"rendered":"","protected":false},"author":90,"featured_media":0,"parent":0,"menu_order":0,"comment_status":"closed","ping_status":"closed","template":"","meta":{"neve_meta_sidebar":"","neve_meta_container":"","neve_meta_enable_content_width":"","neve_meta_content_width":0,"neve_meta_title_alignment":"","neve_meta_author_avatar":"","neve_post_elements_order":"","neve_meta_disable_header":"","neve_meta_disable_footer":"","neve_meta_disable_title":"","footnotes":""},"class_list":["post-9","page","type-page","status-publish","hentry"],"_links":{"self":[{"href":"https:\/\/sites.lesia.obspm.fr\/federation-nanosats\/wp-json\/wp\/v2\/pages\/9","targetHints":{"allow":["GET"]}}],"collection":[{"href":"https:\/\/sites.lesia.obspm.fr\/federation-nanosats\/wp-json\/wp\/v2\/pages"}],"about":[{"href":"https:\/\/sites.lesia.obspm.fr\/federation-nanosats\/wp-json\/wp\/v2\/types\/page"}],"author":[{"embeddable":true,"href":"https:\/\/sites.lesia.obspm.fr\/federation-nanosats\/wp-json\/wp\/v2\/users\/90"}],"replies":[{"embeddable":true,"href":"https:\/\/sites.lesia.obspm.fr\/federation-nanosats\/wp-json\/wp\/v2\/comments?post=9"}],"version-history":[{"count":15,"href":"https:\/\/sites.lesia.obspm.fr\/federation-nanosats\/wp-json\/wp\/v2\/pages\/9\/revisions"}],"predecessor-version":[{"id":1061,"href":"https:\/\/sites.lesia.obspm.fr\/federation-nanosats\/wp-json\/wp\/v2\/pages\/9\/revisions\/1061"}],"wp:attachment":[{"href":"https:\/\/sites.lesia.obspm.fr\/federation-nanosats\/wp-json\/wp\/v2\/media?parent=9"}],"curies":[{"name":"wp","href":"https:\/\/api.w.org\/{rel}","templated":true}]}}